{"id":1365,"date":"2019-02-14T18:03:29","date_gmt":"2019-02-14T17:03:29","guid":{"rendered":"https:\/\/fondation-alberici.org\/mentions-legales\/"},"modified":"2025-07-17T14:42:49","modified_gmt":"2025-07-17T12:42:49","slug":"mentions-legales","status":"publish","type":"page","link":"https:\/\/fondation-alberici.org\/en\/mentions-legales\/","title":{"rendered":"Mentions l\u00e9gales"},"content":{"rendered":"<div class=\"wpb-content-wrapper\"><p>[vc_row][vc_column][vc_column_text]La navigation sur ce site est soumise aux pr\u00e9sentes conditions d\u2019utilisation. Les personnes qui acc\u00e8dent aux informations mises \u00e0 disposition par la Fondation Alberici sur son site Internet reconnaissent avoir pris connaissance des conditions d\u2019utilisation et les acceptent. L\u2019acc\u00e8s des mineurs \u00e0 ce site est soumis \u00e0 l\u2019autorisation de leurs parents ou tuteur l\u00e9gal.<\/p>\n<h2>L\u2019\u00e9diteur<\/h2>\n<p>Ce site est \u00e9dit\u00e9 par la Fondation Alberici<br \/>\n2 impasse Pierre Baizet<br \/>\n69009 Lyon<\/p>\n<h2>Conception et r\u00e9alisation<\/h2>\n<p>Ce site a \u00e9t\u00e9 con\u00e7u et r\u00e9alis\u00e9 par Com\u00e8te l&#8217;agence<br \/>\n<a title=\"Com\u00e8te, Agence de communication Lyon\" href=\"https:\/\/goo.gl\/maps\/ViKt0\" target=\"_blank\" rel=\"noopener noreferrer\">37 avenue G\u00e9n\u00e9ral de Gaulle<\/a><br \/>\n69300 Caluire-et-Cuire<\/p>\n<h2>H\u00e9bergeur<\/h2>\n<p>OVH SAS au capital de 10 059 500 \u20ac<br \/>\nRCS Lille M\u00e9tropole 424 761 419 00045<br \/>\nCode APE 6202A<br \/>\nN\u00b0 TVA : FR 22 424 761 419<br \/>\nSi\u00e8ge social : 2 rue Kellermann \u2013 59100 Roubaix \u2013 France.<\/p>\n<h2>Donn\u00e9es personnelles<\/h2>\n<p>Les fichiers nominatifs qui font l\u2019objet d\u2019un traitement informatis\u00e9 sur ce site ont \u00e9t\u00e9 d\u00e9clar\u00e9 \u00e0 la Commission Nationale Informatique et Libert\u00e9 (r\u00e9c\u00e9piss\u00e9 de d\u00e9claration CNIL : enregistrement en cours). En application de la loi n\u00b078-19 du 6 janvier 1978, vous disposez d\u2019un droit d\u2019acc\u00e8s, d\u2019opposition et de rectification de donn\u00e9es vous concernant. Vous pouvez \u00e0 tout moment exercer ce droit en adressant votre demande par \u00e9crit aupr\u00e8s de Delane SI \u00e0 l\u2019adresse suivante : 159, rue de Silly \u2013 92100 Boulogne Billancourt. L\u2019ensemble des donn\u00e9es collect\u00e9es ne sera ni communiqu\u00e9, ni c\u00e9d\u00e9 \u00e0 des tiers.<\/p>\n<h2>Exon\u00e9ration de la responsabilit\u00e9 du contenu du site<\/h2>\n<p>la Fondation Alberici ne peut garantir l\u2019exactitude, la pr\u00e9cision, l\u2019actualisation ou l\u2019exhaustivit\u00e9 des informations mises \u00e0 la disposition sur ce site. En cons\u00e9quence, la Fondation Alberici d\u00e9cline toute responsabilit\u00e9 pour toute impr\u00e9cision, inexactitude ou omission portant sur des informations disponibles sur ce site.<\/p>\n<h2>\u00c9volutions du site<\/h2>\n<p>Les \u00e9l\u00e9ments pr\u00e9sent\u00e9s dans ce site sont susceptibles de modification sans pr\u00e9avis et sont mis \u00e0 disposition sans aucune garantie, expresse ou implicite, d\u2019aucune sorte et ne peuvent donner lieu \u00e0 un quelconque droit \u00e0 d\u00e9dommagement.<\/p>\n<h2>Exon\u00e9ration de la responsabilit\u00e9 du contenu des sites r\u00e9f\u00e9renc\u00e9s<\/h2>\n<p>Les liens vers ce site et en direction d\u2019autres sites doivent faire l\u2019objet d\u2019une autorisation pr\u00e9alable de la part de la Fondation Alberici. Les liens hypertextes mis en place dans le cadre du pr\u00e9sent site Internet en direction d\u2019autres ressources pr\u00e9sentes sur le r\u00e9seau Internet ne sont propos\u00e9s que pour des raisons de commodit\u00e9 et ni leur contenu ou les liens qu\u2019ils contiennent, ni les changements ou mises \u00e0 jour qui leur sont apport\u00e9s ne sauraient engager la responsabilit\u00e9 de la Fondation Alberici. La Fondation Alberici a ne contr\u00f4le pas ces sites et ne pourra \u00eatre tenue responsable, ni supporter aucune responsabilit\u00e9 quant au contenu, publicit\u00e9, produits, services ou tout autre mat\u00e9riel disponible \u00e0 partir de ces sites tiers.<\/p>\n<h2>Exon\u00e9ration de la responsabilit\u00e9 technique<\/h2>\n<p>La Fondation Alberici d\u00e9cline toute responsabilit\u00e9 en cas de difficult\u00e9 d\u2019acc\u00e8s \u00e0 son site ou d\u2019interruption dans la connexion quelles qu\u2019en soient les causes. De plus, la Fondation Alberici ne saurait \u00eatre tenue responsable d\u2019un dommage ou virus qui pourrait infecter votre ordinateur ou tout mat\u00e9riel informatique, suite \u00e0 une utilisation ou acc\u00e8s au site ou t\u00e9l\u00e9chargement provenant de ce site.<\/p>\n<h2>Propri\u00e9t\u00e9 intellectuelle<\/h2>\n<p>L\u2019ensemble de ce site rel\u00e8ve de la l\u00e9gislation fran\u00e7aise et internationale sur le droit d\u2019auteur et la propri\u00e9t\u00e9 intellectuelle. Tous les droits de reproduction sont r\u00e9serv\u00e9s, y compris pour les documents t\u00e9l\u00e9chargeables, les repr\u00e9sentations iconographiques et photographiques.<\/p>\n<h2>Utilisation des logos attach\u00e9s \u00e0 des marques<\/h2>\n<p>Les marques cit\u00e9es dans les pages de ce site sont des marques d\u00e9pos\u00e9es par leurs propri\u00e9taires respectifs. Conform\u00e9ment \u00e0 la l\u00e9gislation fran\u00e7aise et internationale sur le droit d\u2019auteur et la propri\u00e9t\u00e9 intellectuelle, tout usage des marques et\/ou logos, sans autorisation \u00e9crite, pr\u00e9alable et expresse est strictement interdite.<\/p>\n<h2>Loi applicable<\/h2>\n<p>Les pr\u00e9sentes conditions sont r\u00e9gies par la loi fran\u00e7aise. La soci\u00e9t\u00e9 se r\u00e9serve le droit d\u2019entreprendre des actions de justice contre les personnes agissant d\u2019une mani\u00e8re pouvant \u00eatre consid\u00e9r\u00e9e comme ill\u00e9gale ou illicite ou contrevenant \u00e0 ces conditions.[\/vc_column_text][\/vc_column][\/vc_row][vc_row full_width=&#8221;stretch_row&#8221; bg_type=&#8221;image&#8221; parallax_style=&#8221;vcpb-default&#8221; bg_image_new=&#8221;id^144|url^https:\/\/fondation-alberici.org\/wp-content\/uploads\/2019\/03\/fond-bandeau-contact.png|caption^null|alt^fond-bandeau-contact|title^fond-bandeau-contact|description^null&#8221; bg_image_repeat=&#8221;no-repeat&#8221; bg_override=&#8221;ex-full&#8221; el_class=&#8221;contact-row&#8221; el_id=&#8221;contact&#8221;][vc_column css=&#8221;.vc_custom_1551697505999{padding-top: 200px !important;}&#8221;]<div id=\"ultimate-heading-262269f31356b40fc\" class=\"uvc-heading ult-adjust-bottom-margin ultimate-heading-262269f31356b40fc uvc-8293  uvc-heading-default-font-sizes\" data-hspacer=\"image_only\"  data-halign=\"center\" style=\"text-align:center\"><div class=\"uvc-main-heading ult-responsive\"  data-ultimate-target='.uvc-heading.ultimate-heading-262269f31356b40fc h2'  data-responsive-json-new='{\"font-size\":\"\",\"line-height\":\"\"}' ><h2 style=\"--font-weight:theme;color:#ffffff;margin-bottom:20px;\">Vous souhaitez en savoir plus, contactez-nous !<\/h2><\/div><div class=\"uvc-heading-spacer image_only\" style=\"top\"><img decoding=\"async\" src=\"\" class=\"ultimate-headings-icon-image\" alt=\"\" style=\"width:36px\"\/><\/div><\/div>[vc_row_inner][vc_column_inner width=&#8221;1\/2&#8243; offset=&#8221;vc_col-lg-offset-3 vc_col-lg-3 vc_col-md-offset-3 vc_col-md-3 vc_col-sm-offset-0 vc_col-xs-12&#8243;][vc_icon icon_fontawesome=&#8221;fa fa-phone&#8221; color=&#8221;custom&#8221; size=&#8221;sm&#8221; custom_color=&#8221;#ffffff&#8221; el_class=&#8221;tel&#8221;][vc_column_text el_class=&#8221;tel&#8221; css=&#8221;.vc_custom_1551888104300{padding-top: 15px !important;}&#8221;]<\/p>\n<p style=\"text-align: left;\">+33 (0)4 37 49 87 20<\/p>\n<p>[\/vc_column_text][\/vc_column_inner][vc_column_inner width=&#8221;1\/2&#8243; offset=&#8221;vc_col-lg-3 vc_col-md-3 vc_col-xs-12&#8243;][vc_icon icon_fontawesome=&#8221;fa fa-envelope&#8221; color=&#8221;custom&#8221; size=&#8221;sm&#8221; custom_color=&#8221;#ffffff&#8221; el_class=&#8221;mail&#8221;][vc_column_text el_class=&#8221;mail&#8221; css=&#8221;.vc_custom_1752750004033{padding-top: 15px !important;}&#8221;]<\/p>\n<p style=\"text-align: left;\"><a href=\"mailto:initiative@octalfa.eu\">fondation-alberici@octalfa.eu<\/a><\/p>\n<p>[\/vc_column_text][\/vc_column_inner][\/vc_row_inner][\/vc_column][\/vc_row]<\/p>\n<\/div>","protected":false},"excerpt":{"rendered":"<p>[vc_row][vc_column][vc_column_text]La navigation sur ce site est soumise aux pr\u00e9sentes conditions d\u2019utilisation. Les personnes qui acc\u00e8dent aux informations mises \u00e0 disposition&hellip;<\/p>\n","protected":false},"author":1,"featured_media":0,"parent":0,"menu_order":0,"comment_status":"closed","ping_status":"closed","template":"","meta":{"footnotes":""},"acf":[],"yoast_head":"<!-- This site is optimized with the Yoast SEO plugin v21.8.1 - https:\/\/yoast.com\/wordpress\/plugins\/seo\/ -->\n<title>Mentions l\u00e9gales de la Fondation Dominique &amp; Tom Alberici<\/title>\n<meta name=\"description\" content=\"Informez vous sur la politique de confidentialit\u00e9 du site de la Fondation ominique et Tom Alberici.\" \/>\n<meta name=\"robots\" content=\"index, follow, max-snippet:-1, max-image-preview:large, max-video-preview:-1\" \/>\n<link rel=\"canonical\" href=\"https:\/\/fondation-alberici.org\/en\/mentions-legales\/\" \/>\n<meta property=\"og:locale\" content=\"en_US\" \/>\n<meta property=\"og:type\" content=\"article\" \/>\n<meta property=\"og:title\" content=\"Mentions l\u00e9gales de la Fondation Dominique &amp; Tom Alberici\" \/>\n<meta property=\"og:description\" content=\"Informez vous sur la politique de confidentialit\u00e9 du site de la Fondation ominique et Tom Alberici.\" \/>\n<meta property=\"og:url\" content=\"https:\/\/fondation-alberici.org\/en\/mentions-legales\/\" \/>\n<meta property=\"og:site_name\" content=\"Fondation Dominique &amp; Tom Alberici - OCTALFA\" \/>\n<meta property=\"article:modified_time\" content=\"2025-07-17T12:42:49+00:00\" \/>\n<meta name=\"twitter:card\" content=\"summary_large_image\" \/>\n<meta name=\"twitter:label1\" content=\"Est. reading time\" \/>\n\t<meta name=\"twitter:data1\" content=\"4 minutes\" \/>\n<script type=\"application\/ld+json\" class=\"yoast-schema-graph\">{\"@context\":\"https:\/\/schema.org\",\"@graph\":[{\"@type\":\"WebPage\",\"@id\":\"https:\/\/fondation-alberici.org\/en\/mentions-legales\/\",\"url\":\"https:\/\/fondation-alberici.org\/en\/mentions-legales\/\",\"name\":\"Mentions l\u00e9gales de la Fondation Dominique & Tom Alberici\",\"isPartOf\":{\"@id\":\"https:\/\/fondation-alberici.org\/#website\"},\"datePublished\":\"2019-02-14T17:03:29+00:00\",\"dateModified\":\"2025-07-17T12:42:49+00:00\",\"description\":\"Informez vous sur la politique de confidentialit\u00e9 du site de la Fondation ominique et Tom Alberici.\",\"breadcrumb\":{\"@id\":\"https:\/\/fondation-alberici.org\/en\/mentions-legales\/#breadcrumb\"},\"inLanguage\":\"en-US\",\"potentialAction\":[{\"@type\":\"ReadAction\",\"target\":[\"https:\/\/fondation-alberici.org\/en\/mentions-legales\/\"]}]},{\"@type\":\"BreadcrumbList\",\"@id\":\"https:\/\/fondation-alberici.org\/en\/mentions-legales\/#breadcrumb\",\"itemListElement\":[{\"@type\":\"ListItem\",\"position\":1,\"name\":\"Accueil\",\"item\":\"https:\/\/fondation-alberici.org\/en\/\"},{\"@type\":\"ListItem\",\"position\":2,\"name\":\"Mentions l\u00e9gales\"}]},{\"@type\":\"WebSite\",\"@id\":\"https:\/\/fondation-alberici.org\/#website\",\"url\":\"https:\/\/fondation-alberici.org\/\",\"name\":\"Fondation Dominique &amp; Tom Alberici - OCTALFA\",\"description\":\"Am\u00e9liorer la qualit\u00e9 de vie des personnes handicap\u00e9es et des malades souffrant de cancers. \",\"potentialAction\":[{\"@type\":\"SearchAction\",\"target\":{\"@type\":\"EntryPoint\",\"urlTemplate\":\"https:\/\/fondation-alberici.org\/?s={search_term_string}\"},\"query-input\":\"required name=search_term_string\"}],\"inLanguage\":\"en-US\"}]}<\/script>\n<!-- \/ Yoast SEO plugin. -->","yoast_head_json":{"title":"Mentions l\u00e9gales de la Fondation Dominique & Tom Alberici","description":"Informez vous sur la politique de confidentialit\u00e9 du site de la Fondation ominique et Tom Alberici.","robots":{"index":"index","follow":"follow","max-snippet":"max-snippet:-1","max-image-preview":"max-image-preview:large","max-video-preview":"max-video-preview:-1"},"canonical":"https:\/\/fondation-alberici.org\/en\/mentions-legales\/","og_locale":"en_US","og_type":"article","og_title":"Mentions l\u00e9gales de la Fondation Dominique & Tom Alberici","og_description":"Informez vous sur la politique de confidentialit\u00e9 du site de la Fondation ominique et Tom Alberici.","og_url":"https:\/\/fondation-alberici.org\/en\/mentions-legales\/","og_site_name":"Fondation Dominique &amp; Tom Alberici - OCTALFA","article_modified_time":"2025-07-17T12:42:49+00:00","twitter_card":"summary_large_image","twitter_misc":{"Est. reading time":"4 minutes"},"schema":{"@context":"https:\/\/schema.org","@graph":[{"@type":"WebPage","@id":"https:\/\/fondation-alberici.org\/en\/mentions-legales\/","url":"https:\/\/fondation-alberici.org\/en\/mentions-legales\/","name":"Mentions l\u00e9gales de la Fondation Dominique & Tom Alberici","isPartOf":{"@id":"https:\/\/fondation-alberici.org\/#website"},"datePublished":"2019-02-14T17:03:29+00:00","dateModified":"2025-07-17T12:42:49+00:00","description":"Informez vous sur la politique de confidentialit\u00e9 du site de la Fondation ominique et Tom Alberici.","breadcrumb":{"@id":"https:\/\/fondation-alberici.org\/en\/mentions-legales\/#breadcrumb"},"inLanguage":"en-US","potentialAction":[{"@type":"ReadAction","target":["https:\/\/fondation-alberici.org\/en\/mentions-legales\/"]}]},{"@type":"BreadcrumbList","@id":"https:\/\/fondation-alberici.org\/en\/mentions-legales\/#breadcrumb","itemListElement":[{"@type":"ListItem","position":1,"name":"Accueil","item":"https:\/\/fondation-alberici.org\/en\/"},{"@type":"ListItem","position":2,"name":"Mentions l\u00e9gales"}]},{"@type":"WebSite","@id":"https:\/\/fondation-alberici.org\/#website","url":"https:\/\/fondation-alberici.org\/","name":"Fondation Dominique &amp; Tom Alberici - OCTALFA","description":"Am\u00e9liorer la qualit\u00e9 de vie des personnes handicap\u00e9es et des malades souffrant de cancers. ","potentialAction":[{"@type":"SearchAction","target":{"@type":"EntryPoint","urlTemplate":"https:\/\/fondation-alberici.org\/?s={search_term_string}"},"query-input":"required name=search_term_string"}],"inLanguage":"en-US"}]}},"_links":{"self":[{"href":"https:\/\/fondation-alberici.org\/en\/wp-json\/wp\/v2\/pages\/1365"}],"collection":[{"href":"https:\/\/fondation-alberici.org\/en\/wp-json\/wp\/v2\/pages"}],"about":[{"href":"https:\/\/fondation-alberici.org\/en\/wp-json\/wp\/v2\/types\/page"}],"author":[{"embeddable":true,"href":"https:\/\/fondation-alberici.org\/en\/wp-json\/wp\/v2\/users\/1"}],"replies":[{"embeddable":true,"href":"https:\/\/fondation-alberici.org\/en\/wp-json\/wp\/v2\/comments?post=1365"}],"version-history":[{"count":3,"href":"https:\/\/fondation-alberici.org\/en\/wp-json\/wp\/v2\/pages\/1365\/revisions"}],"predecessor-version":[{"id":4299,"href":"https:\/\/fondation-alberici.org\/en\/wp-json\/wp\/v2\/pages\/1365\/revisions\/4299"}],"wp:attachment":[{"href":"https:\/\/fondation-alberici.org\/en\/wp-json\/wp\/v2\/media?parent=1365"}],"curies":[{"name":"wp","href":"https:\/\/api.w.org\/{rel}","templated":true}]}}