{"id":1364,"date":"2019-03-04T14:30:09","date_gmt":"2019-03-04T13:30:09","guid":{"rendered":"https:\/\/fondation-alberici.org\/le-conseil-dadministration\/"},"modified":"2026-07-10T10:11:43","modified_gmt":"2026-07-10T08:11:43","slug":"board-directors","status":"publish","type":"page","link":"https:\/\/fondation-alberici.org\/en\/board-directors\/","title":{"rendered":"The board of directors"},"content":{"rendered":"<div class=\"wpb-content-wrapper\"><p>[vc_row gap=&#8221;35&#8243; equal_height=&#8221;yes&#8221; content_placement=&#8221;middle&#8221;][vc_column width=&#8221;2\/3&#8243; offset=&#8221;vc_col-lg-8 vc_col-md-8 vc_col-xs-12&#8243;][vc_column_text css=&#8221;.vc_custom_1729254398533{padding-right: 50px !important;}&#8221;]<strong>In order to fully accomplish its missions and conduct its activities, the Fondation Dominique et Tom Alberici has appointed a Board of Directors of 8 people that contributes extensive experience and skills developed working with disabled people, healthcare providers and companies. <\/strong>[\/vc_column_text][\/vc_column][vc_column width=&#8221;1\/3&#8243;][vc_video link=&#8221;https:\/\/youtu.be\/rih2uZpa3iE&#8221;][\/vc_column][\/vc_row][vc_row full_width=&#8221;stretch_row&#8221; bg_type=&#8221;image&#8221; parallax_style=&#8221;vcpb-default&#8221; bg_image_new=&#8221;id^893|url^https:\/\/fondation-alberici.org\/wp-content\/uploads\/2019\/03\/fond-gris-nuage-big.png|caption^null|alt^null|title^fond-gris-nuage-big|description^null&#8221; bg_image_repeat=&#8221;no-repeat&#8221; el_id=&#8221;membres-ca&#8221;][vc_column]<div id=\"ultimate-heading-16706a9d5ee77ced8\" class=\"uvc-heading ult-adjust-bottom-margin ultimate-heading-16706a9d5ee77ced8 uvc-5542  uvc-heading-default-font-sizes\" data-hspacer=\"image_only\"  data-halign=\"left\" style=\"text-align:left\"><div class=\"uvc-main-heading ult-responsive\"  data-ultimate-target='.uvc-heading.ultimate-heading-16706a9d5ee77ced8 h2'  data-responsive-json-new='{\"font-size\":\"\",\"line-height\":\"\"}' ><h2 style=\"--font-weight:theme;color:#094784;margin-bottom:0px;\">The board of directors<\/h2><\/div><div class=\"uvc-heading-spacer image_only\" style=\"top\"><img decoding=\"async\" src=\"https:\/\/fondation-alberici.org\/wp-content\/uploads\/2019\/02\/barre-orange.png\" class=\"ultimate-headings-icon-image\" alt=\"barre sous titre orange\" style=\"width:36px\"\/><\/div><\/div>[vc_row_inner][vc_column_inner width=&#8221;1\/2&#8243;][vc_single_image image=&#8221;3192&#8243; img_size=&#8221;full&#8221; alignment=&#8221;center&#8221; style=&#8221;vc_box_circle&#8221; el_class=&#8221;img-cat ronron&#8221;]<div id=\"ultimate-heading-67476a9d5ee77cf1a\" class=\"uvc-heading ult-adjust-bottom-margin ultimate-heading-67476a9d5ee77cf1a uvc-7889 membre-ca uvc-heading-default-font-sizes\" data-hspacer=\"no_spacer\"  data-halign=\"center\" style=\"text-align:center\"><div class=\"uvc-heading-spacer no_spacer\" style=\"top\"><\/div><div class=\"uvc-main-heading ult-responsive\"  data-ultimate-target='.uvc-heading.ultimate-heading-67476a9d5ee77cf1a h3'  data-responsive-json-new='{\"font-size\":\"\",\"line-height\":\"\"}' ><h3 style=\"--font-weight:theme;color:#eb800e;\">Gilles ALBERICI<\/h3><\/div><div class=\"uvc-sub-heading ult-responsive\"  data-ultimate-target='.uvc-heading.ultimate-heading-67476a9d5ee77cf1a .uvc-sub-heading '  data-responsive-json-new='{\"font-size\":\"\",\"line-height\":\"\"}'  style=\"font-style:italic;font-weight:normal;color:#eb800e;\">Founder, Chairman of the Foundation<\/div><\/div>[vc_column_text]<\/p>\n<p style=\"text-align: center;\">Gilles Alberici is the Chairman of Octalfa.<\/p>\n<p>[\/vc_column_text][\/vc_column_inner][vc_column_inner width=&#8221;1\/2&#8243;][vc_single_image image=&#8221;3194&#8243; img_size=&#8221;full&#8221; alignment=&#8221;center&#8221; style=&#8221;vc_box_circle&#8221; el_class=&#8221;img-cat ronron&#8221;]<div id=\"ultimate-heading-1936a9d5ee77cf45\" class=\"uvc-heading ult-adjust-bottom-margin ultimate-heading-1936a9d5ee77cf45 uvc-6465 membre-ca uvc-heading-default-font-sizes\" data-hspacer=\"no_spacer\"  data-halign=\"center\" style=\"text-align:center\"><div class=\"uvc-heading-spacer no_spacer\" style=\"top\"><\/div><div class=\"uvc-main-heading ult-responsive\"  data-ultimate-target='.uvc-heading.ultimate-heading-1936a9d5ee77cf45 h3'  data-responsive-json-new='{\"font-size\":\"\",\"line-height\":\"\"}' ><h3 style=\"--font-weight:theme;color:#eb800e;\">Julien ALBERICI<\/h3><\/div><div class=\"uvc-sub-heading ult-responsive\"  data-ultimate-target='.uvc-heading.ultimate-heading-1936a9d5ee77cf45 .uvc-sub-heading '  data-responsive-json-new='{\"font-size\":\"\",\"line-height\":\"\"}'  style=\"font-style:italic;font-weight:normal;color:#eb800e;\"><\/p>\n<p style=\"text-align: center;\">Founder, friend of the Foundation<\/p>\n<p><\/div><\/div>[vc_column_text]<\/p>\n<p style=\"text-align: center;\">Julien Alberici is the Managing Director of Octalfa.<\/p>\n<p>[\/vc_column_text][\/vc_column_inner][\/vc_row_inner][vc_row_inner][vc_column_inner width=&#8221;1\/3&#8243;][vc_single_image image=&#8221;160&#8243; img_size=&#8221;full&#8221; alignment=&#8221;center&#8221; style=&#8221;vc_box_circle&#8221; el_class=&#8221;img-cat ronron&#8221;]<div id=\"ultimate-heading-6826a9d5ee77cf68\" class=\"uvc-heading ult-adjust-bottom-margin ultimate-heading-6826a9d5ee77cf68 uvc-1814 membre-ca uvc-heading-default-font-sizes\" data-hspacer=\"no_spacer\"  data-halign=\"center\" style=\"text-align:center\"><div class=\"uvc-heading-spacer no_spacer\" style=\"top\"><\/div><div class=\"uvc-main-heading ult-responsive\"  data-ultimate-target='.uvc-heading.ultimate-heading-6826a9d5ee77cf68 h3'  data-responsive-json-new='{\"font-size\":\"\",\"line-height\":\"\"}' ><h3 style=\"--font-weight:theme;color:#eb800e;\">Emmanu\u00e8le GERDIL<\/h3><\/div><div class=\"uvc-sub-heading ult-responsive\"  data-ultimate-target='.uvc-heading.ultimate-heading-6826a9d5ee77cf68 .uvc-sub-heading '  data-responsive-json-new='{\"font-size\":\"\",\"line-height\":\"\"}'  style=\"font-style:italic;font-weight:normal;color:#eb800e;\">Trustee<\/div><\/div>[vc_column_text]<\/p>\n<p style=\"text-align: center;\">Emmanu\u00e8le, former Head Pharmacist at Sanofi Pasteur MSD, a leading vaccine company in Europe, carries out charitable activities to support disabled people.<\/p>\n<p>[\/vc_column_text][\/vc_column_inner][vc_column_inner width=&#8221;1\/3&#8243;][vc_single_image image=&#8221;159&#8243; img_size=&#8221;full&#8221; alignment=&#8221;center&#8221; style=&#8221;vc_box_circle&#8221; el_class=&#8221;img-cat ronron&#8221;]<div id=\"ultimate-heading-76906a9d5ee77cf87\" class=\"uvc-heading ult-adjust-bottom-margin ultimate-heading-76906a9d5ee77cf87 uvc-5878 membre-ca uvc-heading-default-font-sizes\" data-hspacer=\"no_spacer\"  data-halign=\"center\" style=\"text-align:center\"><div class=\"uvc-heading-spacer no_spacer\" style=\"top\"><\/div><div class=\"uvc-main-heading ult-responsive\"  data-ultimate-target='.uvc-heading.ultimate-heading-76906a9d5ee77cf87 h3'  data-responsive-json-new='{\"font-size\":\"\",\"line-height\":\"\"}' ><h3 style=\"--font-weight:theme;color:#eb800e;\">Thierry ABRIBAT<\/h3><\/div><div class=\"uvc-sub-heading ult-responsive\"  data-ultimate-target='.uvc-heading.ultimate-heading-76906a9d5ee77cf87 .uvc-sub-heading '  data-responsive-json-new='{\"font-size\":\"\",\"line-height\":\"\"}'  style=\"font-style:italic;font-weight:normal;color:#eb800e;\">Trustee<\/div><\/div>[vc_column_text]<\/p>\n<p style=\"text-align: center;\">Thierry is the Founding Chairman &amp; CEO of Amolyt Pharma, a biotechnology company specialized in metabolic diseases.<\/p>\n<p>[\/vc_column_text][\/vc_column_inner][vc_column_inner width=&#8221;1\/3&#8243;][vc_single_image image=&#8221;777&#8243; img_size=&#8221;full&#8221; alignment=&#8221;center&#8221; style=&#8221;vc_box_circle&#8221; el_class=&#8221;img-cat ronron&#8221;]<div id=\"ultimate-heading-74396a9d5ee77cfa4\" class=\"uvc-heading ult-adjust-bottom-margin ultimate-heading-74396a9d5ee77cfa4 uvc-6915 membre-ca uvc-heading-default-font-sizes\" data-hspacer=\"no_spacer\"  data-halign=\"center\" style=\"text-align:center\"><div class=\"uvc-heading-spacer no_spacer\" style=\"top\"><\/div><div class=\"uvc-main-heading ult-responsive\"  data-ultimate-target='.uvc-heading.ultimate-heading-74396a9d5ee77cfa4 h3'  data-responsive-json-new='{\"font-size\":\"\",\"line-height\":\"\"}' ><h3 style=\"--font-weight:theme;color:#eb800e;\">Christian JUNCKER<\/h3><\/div><div class=\"uvc-sub-heading ult-responsive\"  data-ultimate-target='.uvc-heading.ultimate-heading-74396a9d5ee77cfa4 .uvc-sub-heading '  data-responsive-json-new='{\"font-size\":\"\",\"line-height\":\"\"}'  style=\"font-style:italic;font-weight:normal;color:#eb800e;\">Founder, trustee, treasurer<\/div><\/div>[vc_column_text]<\/p>\n<p style=\"text-align: center;\">Christian was previously Director of the Jura Departmental Council\u2019s Solidarity and Healthcluster and Managing Director of ARIMC (now Odyn\u00e9o).<\/p>\n<p>[\/vc_column_text][\/vc_column_inner][\/vc_row_inner][vc_row_inner][vc_column_inner width=&#8221;1\/3&#8243;][vc_single_image image=&#8221;3764&#8243; img_size=&#8221;full&#8221; alignment=&#8221;center&#8221; style=&#8221;vc_box_circle&#8221; el_class=&#8221;img-cat ronron&#8221;]<div id=\"ultimate-heading-38506a9d5ee77cfc3\" class=\"uvc-heading ult-adjust-bottom-margin ultimate-heading-38506a9d5ee77cfc3 uvc-2492 membre-ca uvc-heading-default-font-sizes\" data-hspacer=\"no_spacer\"  data-halign=\"center\" style=\"text-align:center\"><div class=\"uvc-heading-spacer no_spacer\" style=\"top\"><\/div><div class=\"uvc-main-heading ult-responsive\"  data-ultimate-target='.uvc-heading.ultimate-heading-38506a9d5ee77cfc3 h3'  data-responsive-json-new='{\"font-size\":\"\",\"line-height\":\"\"}' ><h3 style=\"--font-weight:theme;color:#eb800e;\">Fabrice BOUTEILLE<\/h3><\/div><div class=\"uvc-sub-heading ult-responsive\"  data-ultimate-target='.uvc-heading.ultimate-heading-38506a9d5ee77cfc3 .uvc-sub-heading '  data-responsive-json-new='{\"font-size\":\"\",\"line-height\":\"\"}'  style=\"font-style:italic;font-weight:normal;color:#eb800e;\">Trustee<\/div><\/div>[vc_column_text]After an international career in the pharmaceutical and medtech industry, Fabrice Bouteille founded and manages Valexel, a company specialized in strategy consulting and international development in the healthtech activities.<\/p>\n<p>.[\/vc_column_text][\/vc_column_inner][vc_column_inner width=&#8221;1\/3&#8243;][vc_single_image image=&#8221;3790&#8243; img_size=&#8221;full&#8221; alignment=&#8221;center&#8221; style=&#8221;vc_box_circle&#8221; el_class=&#8221;img-cat ronron&#8221;]<div id=\"ultimate-heading-41026a9d5ee77cfe1\" class=\"uvc-heading ult-adjust-bottom-margin ultimate-heading-41026a9d5ee77cfe1 uvc-9371 membre-ca uvc-heading-default-font-sizes\" data-hspacer=\"no_spacer\"  data-halign=\"center\" style=\"text-align:center\"><div class=\"uvc-heading-spacer no_spacer\" style=\"top\"><\/div><div class=\"uvc-main-heading ult-responsive\"  data-ultimate-target='.uvc-heading.ultimate-heading-41026a9d5ee77cfe1 h3'  data-responsive-json-new='{\"font-size\":\"\",\"line-height\":\"\"}' ><h3 style=\"--font-weight:theme;color:#eb800e;\">Lor\u00e9dane SAUZARET<\/h3><\/div><div class=\"uvc-sub-heading ult-responsive\"  data-ultimate-target='.uvc-heading.ultimate-heading-41026a9d5ee77cfe1 .uvc-sub-heading '  data-responsive-json-new='{\"font-size\":\"\",\"line-height\":\"\"}'  style=\"font-style:italic;font-weight:normal;color:#eb800e;\">Trustee Secretary<\/div><\/div>[vc_column_text]Lor\u00e9dane Sauzaret is the executive assistant of Octalfa and employee representative on\u00a0 the <span class=\"Y2IQFc\" lang=\"en\">Board of Directors of the Dominique &amp; Tom Alberici Foundation.<\/span><\/p>\n<pre id=\"tw-target-text\" class=\"tw-data-text tw-text-large tw-ta\" dir=\"ltr\" data-placeholder=\"Traduction\" data-ved=\"2ahUKEwiWjf-axpKJAxUuUKQEHeKbO1EQ3ewLegQIBxAT\" aria-label=\"Texte traduit\u00a0: Loredane Sauzaret is the executive assistant of Octalfa and employee representative on the Board of Directors of the Dominique &amp; Tom Alberic Foundation\"><\/pre>\n<p>[\/vc_column_text][\/vc_column_inner][vc_column_inner width=&#8221;1\/3&#8243;][vc_single_image image=&#8221;4400&#8243; img_size=&#8221;medium&#8221; alignment=&#8221;center&#8221; style=&#8221;vc_box_circle_2&#8243;]<div id=\"ultimate-heading-14556a9d5ee77cffd\" class=\"uvc-heading ult-adjust-bottom-margin ultimate-heading-14556a9d5ee77cffd uvc-4402 membre-ca uvc-heading-default-font-sizes\" data-hspacer=\"no_spacer\"  data-halign=\"center\" style=\"text-align:center\"><div class=\"uvc-heading-spacer no_spacer\" style=\"top\"><\/div><div class=\"uvc-main-heading ult-responsive\"  data-ultimate-target='.uvc-heading.ultimate-heading-14556a9d5ee77cffd h3'  data-responsive-json-new='{\"font-size\":\"\",\"line-height\":\"\"}' ><h3 style=\"--font-weight:theme;color:#eb800e;\">Margot VILLIE<\/h3><\/div><div class=\"uvc-sub-heading ult-responsive\"  data-ultimate-target='.uvc-heading.ultimate-heading-14556a9d5ee77cffd .uvc-sub-heading '  data-responsive-json-new='{\"font-size\":\"\",\"line-height\":\"\"}'  style=\"font-style:italic;font-weight:normal;color:#eb800e;\">Project manager<\/div><\/div>[vc_column_text]<\/p>\n<p style=\"text-align: center;\">Margot Villi\u00e9 is a project manager at the Dominique and Tom Alberici Foundation.<\/p>\n<p>[\/vc_column_text][\/vc_column_inner][\/vc_row_inner][vc_column_text]The Foundation&#8217;s board of directors convenes four times a year to choose the projects it intends to support. During these board meetings, each administrator suggests a project, and can, if necessary, contact the promoting organisation to examine the project in greater depth.[\/vc_column_text][\/vc_column][\/vc_row][vc_row][vc_column]<div id=\"ultimate-heading-82186a9d5ee77d04a\" class=\"uvc-heading ult-adjust-bottom-margin ultimate-heading-82186a9d5ee77d04a uvc-3698  uvc-heading-default-font-sizes\" data-hspacer=\"image_only\"  data-halign=\"left\" style=\"text-align:left\"><div class=\"uvc-main-heading ult-responsive\"  data-ultimate-target='.uvc-heading.ultimate-heading-82186a9d5ee77d04a h2'  data-responsive-json-new='{\"font-size\":\"\",\"line-height\":\"\"}' ><h2 style=\"--font-weight:theme;color:#094784;margin-bottom:0px;\">Submitting projects<\/h2><\/div><div class=\"uvc-heading-spacer image_only\" style=\"top\"><img decoding=\"async\" src=\"https:\/\/fondation-alberici.org\/wp-content\/uploads\/2019\/02\/barre-orange.png\" class=\"ultimate-headings-icon-image\" alt=\"barre sous titre orange\" style=\"width:36px\"\/><\/div><\/div>[\/vc_column][\/vc_row][vc_row full_width=&#8221;stretch_row_content&#8221; el_class=&#8221;soumission-projets&#8221;][vc_column][vc_row_inner css=&#8221;.vc_custom_1552296429680{padding-left: 10% !important;}&#8221; el_class=&#8221;timeline-hor&#8221;][vc_column_inner width=&#8221;1\/12&#8243;][\/vc_column_inner][vc_column_inner width=&#8221;1\/12&#8243;][\/vc_column_inner][vc_column_inner offset=&#8221;vc_col-lg-1 vc_col-md-1 vc_col-xs-12&#8243;]<div class=\"ult-just-icon-wrapper  \"><div class=\"align-icon\" style=\"text-align:center;\">\n<div class=\"aio-icon-img \" style=\"font-size:69px;display:inline-block;\" >\n\t<img decoding=\"async\" class=\"img-icon\" alt=\"null\" src=\"https:\/\/fondation-alberici.org\/wp-content\/uploads\/2019\/03\/etape-1-1.png\"\/>\n<\/div><\/div><\/div>[vc_column_text]<\/p>\n<p style=\"text-align: center;\"><strong>1<\/strong><br \/>\nThe &#8220;project&#8221; form<\/p>\n<p>[\/vc_column_text][\/vc_column_inner][vc_column_inner offset=&#8221;vc_col-lg-1 vc_col-md-1 vc_col-xs-12&#8243;]<div class=\"ult-just-icon-wrapper  \"><div class=\"align-icon\" style=\"text-align:center;\">\n<div class=\"aio-icon-img \" style=\"font-size:69px;display:inline-block;\" >\n\t<img decoding=\"async\" class=\"img-icon\" alt=\"null\" src=\"https:\/\/fondation-alberici.org\/wp-content\/uploads\/2019\/03\/etape-2-.png\"\/>\n<\/div><\/div><\/div>[vc_column_text]<\/p>\n<p style=\"text-align: center;\"><strong>2<\/strong><br \/>\nSelection of projects presented during the board meeting<\/p>\n<p>[\/vc_column_text][\/vc_column_inner][vc_column_inner offset=&#8221;vc_col-lg-1 vc_col-md-1 vc_col-xs-12&#8243;]<div class=\"ult-just-icon-wrapper  \"><div class=\"align-icon\" style=\"text-align:center;\">\n<div class=\"aio-icon-img \" style=\"font-size:69px;display:inline-block;\" >\n\t<img decoding=\"async\" class=\"img-icon\" alt=\"null\" src=\"https:\/\/fondation-alberici.org\/wp-content\/uploads\/2019\/03\/etape-3-.png\"\/>\n<\/div><\/div><\/div>[vc_column_text]<\/p>\n<p style=\"text-align: center;\"><strong>3<\/strong><br \/>\nExamination by an Administrator<\/p>\n<p>[\/vc_column_text][\/vc_column_inner][vc_column_inner offset=&#8221;vc_col-lg-1 vc_col-md-1 vc_col-xs-12&#8243;]<div class=\"ult-just-icon-wrapper  \"><div class=\"align-icon\" style=\"text-align:center;\">\n<div class=\"aio-icon-img \" style=\"font-size:69px;display:inline-block;\" >\n\t<img decoding=\"async\" class=\"img-icon\" alt=\"null\" src=\"https:\/\/fondation-alberici.org\/wp-content\/uploads\/2019\/03\/etape-4-.png\"\/>\n<\/div><\/div><\/div>[vc_column_text]<\/p>\n<p style=\"text-align: center;\"><strong>4<\/strong><br \/>\nPresentation during a board meeting<\/p>\n<p>[\/vc_column_text][\/vc_column_inner][vc_column_inner offset=&#8221;vc_col-lg-1 vc_col-md-1 vc_col-xs-12&#8243;]<div class=\"ult-just-icon-wrapper  \"><div class=\"align-icon\" style=\"text-align:center;\">\n<div class=\"aio-icon-img \" style=\"font-size:69px;display:inline-block;\" >\n\t<img decoding=\"async\" class=\"img-icon\" alt=\"null\" src=\"https:\/\/fondation-alberici.org\/wp-content\/uploads\/2019\/03\/etape-5-.png\"\/>\n<\/div><\/div><\/div>[vc_column_text]<\/p>\n<p style=\"text-align: center;\"><strong>5<\/strong><br \/>\nDecision by the board of directors<\/p>\n<p>[\/vc_column_text][\/vc_column_inner][vc_column_inner offset=&#8221;vc_col-lg-1 vc_col-md-1 vc_col-xs-12&#8243;]<div class=\"ult-just-icon-wrapper  \"><div class=\"align-icon\" style=\"text-align:center;\">\n<div class=\"aio-icon-img \" style=\"font-size:69px;display:inline-block;\" >\n\t<img decoding=\"async\" class=\"img-icon\" alt=\"null\" src=\"https:\/\/fondation-alberici.org\/wp-content\/uploads\/2019\/03\/etape-6-.png\"\/>\n<\/div><\/div><\/div>[vc_column_text]<\/p>\n<p style=\"text-align: center;\"><strong>6<\/strong><br \/>\nCreation of the sponsorship agreement<\/p>\n<p>[\/vc_column_text][\/vc_column_inner][vc_column_inner offset=&#8221;vc_col-lg-1 vc_col-md-1 vc_col-xs-12&#8243;]<div class=\"ult-just-icon-wrapper  \"><div class=\"align-icon\" style=\"text-align:center;\">\n<div class=\"aio-icon-img \" style=\"font-size:69px;display:inline-block;\" >\n\t<img decoding=\"async\" class=\"img-icon\" alt=\"null\" src=\"https:\/\/fondation-alberici.org\/wp-content\/uploads\/2019\/03\/etape-7-.png\"\/>\n<\/div><\/div><\/div>[vc_column_text]<\/p>\n<p style=\"text-align: center;\"><strong>7<\/strong><br \/>\nFunding and monitoring of the project<\/p>\n<p>[\/vc_column_text][\/vc_column_inner][vc_column_inner width=&#8221;1\/12&#8243;][\/vc_column_inner][vc_column_inner width=&#8221;1\/12&#8243;][\/vc_column_inner][vc_column_inner width=&#8221;1\/12&#8243;][\/vc_column_inner][\/vc_row_inner][vc_separator color=&#8221;custom&#8221; el_width=&#8221;80&#8243; accent_color=&#8221;#eb800e&#8221; el_class=&#8221;linea&#8221;][\/vc_column][\/vc_row][vc_row][vc_column][vc_column_text]Institut Dominique &amp; Tom Alberici can also be called upon to further the scope of the foundation&#8217;s support to projects that are symbolic of its mission. Such is the case of projects that are highly complementary to historic projects or that can be duplicated with the help of promoting partner organisations. The institute and foundation share the same mission and board of directors.[\/vc_column_text][\/vc_column][\/vc_row][vc_row full_width=&#8221;stretch_row&#8221; bg_type=&#8221;image&#8221; parallax_style=&#8221;vcpb-default&#8221; bg_image_new=&#8221;id^144|url^https:\/\/fondation-alberici.org\/wp-content\/uploads\/2019\/03\/fond-bandeau-contact.png|caption^null|alt^fond-bandeau-contact|title^fond-bandeau-contact|description^null&#8221; bg_image_repeat=&#8221;no-repeat&#8221; bg_override=&#8221;ex-full&#8221; el_id=&#8221;contact&#8221;][vc_column css=&#8221;.vc_custom_1552387949688{margin-top: 0px !important;padding-top: 200px !important;}&#8221;]<div id=\"ultimate-heading-54086a9d5ee77ec32\" class=\"uvc-heading ult-adjust-bottom-margin ultimate-heading-54086a9d5ee77ec32 uvc-5818  uvc-heading-default-font-sizes\" data-hspacer=\"image_only\"  data-halign=\"center\" style=\"text-align:center\"><div class=\"uvc-main-heading ult-responsive\"  data-ultimate-target='.uvc-heading.ultimate-heading-54086a9d5ee77ec32 h2'  data-responsive-json-new='{\"font-size\":\"\",\"line-height\":\"\"}' ><h2 style=\"--font-weight:theme;color:#ffffff;margin-bottom:20px;\">Do not hesitate to contact us if you want to know more!<\/h2><\/div><div class=\"uvc-heading-spacer image_only\" style=\"top\"><img decoding=\"async\" src=\"\" class=\"ultimate-headings-icon-image\" alt=\"\" style=\"width:36px\"\/><\/div><\/div>[vc_row_inner][vc_column_inner width=&#8221;1\/2&#8243; offset=&#8221;vc_col-lg-offset-3 vc_col-lg-3 vc_col-md-offset-1 vc_col-md-5 vc_col-xs-12&#8243;][vc_icon icon_fontawesome=&#8221;fa fa-phone&#8221; color=&#8221;custom&#8221; size=&#8221;sm&#8221; custom_color=&#8221;#ffffff&#8221; el_class=&#8221;tel&#8221;][vc_column_text el_class=&#8221;tel&#8221; css=&#8221;.vc_custom_1551888104300{padding-top: 15px !important;}&#8221;]<\/p>\n<p style=\"text-align: left;\">+33 (0)4 37 49 87 20<\/p>\n<p>[\/vc_column_text][\/vc_column_inner][vc_column_inner width=&#8221;1\/2&#8243; offset=&#8221;vc_col-lg-3 vc_col-md-offset-0 vc_col-md-6 vc_col-xs-12&#8243;][vc_icon icon_fontawesome=&#8221;fa fa-envelope&#8221; color=&#8221;custom&#8221; size=&#8221;sm&#8221; custom_color=&#8221;#ffffff&#8221; el_class=&#8221;mail&#8221;][vc_column_text el_class=&#8221;mail&#8221; css=&#8221;.vc_custom_1752756561326{padding-top: 15px !important;}&#8221;]<\/p>\n<p style=\"text-align: left;\"><a href=\"mailto:initiative@octalfa.eu\">fondation-alberici@octalfa.eu<\/a><\/p>\n<p>[\/vc_column_text][\/vc_column_inner][\/vc_row_inner][\/vc_column][\/vc_row]<\/p>\n<\/div>","protected":false},"excerpt":{"rendered":"<p>[vc_row gap=&#8221;35&#8243; equal_height=&#8221;yes&#8221; content_placement=&#8221;middle&#8221;][vc_column width=&#8221;2\/3&#8243; offset=&#8221;vc_col-lg-8 vc_col-md-8 vc_col-xs-12&#8243;][vc_column_text css=&#8221;.vc_custom_1729254398533{padding-right: 50px !important;}&#8221;]In order to fully accomplish its missions and conduct its&hellip;<\/p>\n","protected":false},"author":1,"featured_media":0,"parent":0,"menu_order":0,"comment_status":"closed","ping_status":"closed","template":"","meta":{"footnotes":""},"acf":[],"yoast_head":"<!-- This site is optimized with the Yoast SEO plugin v21.8.1 - https:\/\/yoast.com\/wordpress\/plugins\/seo\/ -->\n<title>The board of directors | Fondation Dominique &amp; Tom Alberici<\/title>\n<meta name=\"description\" content=\"In order to fully accomplish its missions and conduct its activities, the Fondation Dominique et Tom Alberici has appointed a Board of Directors that contributes extensive experience and skills developed working with disabled people, healthcare providers and companies.\" \/>\n<meta name=\"robots\" content=\"index, follow, max-snippet:-1, max-image-preview:large, max-video-preview:-1\" \/>\n<link rel=\"canonical\" href=\"https:\/\/fondation-alberici.org\/en\/board-directors\/\" \/>\n<meta property=\"og:locale\" content=\"en_US\" \/>\n<meta property=\"og:type\" content=\"article\" \/>\n<meta property=\"og:title\" content=\"The board of directors | Fondation Dominique &amp; Tom Alberici\" \/>\n<meta property=\"og:description\" content=\"In order to fully accomplish its missions and conduct its activities, the Fondation Dominique et Tom Alberici has appointed a Board of Directors that contributes extensive experience and skills developed working with disabled people, healthcare providers and companies.\" \/>\n<meta property=\"og:url\" content=\"https:\/\/fondation-alberici.org\/en\/board-directors\/\" \/>\n<meta property=\"og:site_name\" content=\"Fondation Dominique &amp; Tom Alberici - OCTALFA\" \/>\n<meta property=\"article:modified_time\" content=\"2026-07-10T08:11:43+00:00\" \/>\n<meta name=\"twitter:card\" content=\"summary_large_image\" \/>\n<meta name=\"twitter:label1\" content=\"Est. reading time\" \/>\n\t<meta name=\"twitter:data1\" content=\"4 minutes\" \/>\n<script type=\"application\/ld+json\" class=\"yoast-schema-graph\">{\"@context\":\"https:\/\/schema.org\",\"@graph\":[{\"@type\":\"WebPage\",\"@id\":\"https:\/\/fondation-alberici.org\/en\/board-directors\/\",\"url\":\"https:\/\/fondation-alberici.org\/en\/board-directors\/\",\"name\":\"The board of directors | Fondation Dominique & Tom Alberici\",\"isPartOf\":{\"@id\":\"https:\/\/fondation-alberici.org\/#website\"},\"datePublished\":\"2019-03-04T13:30:09+00:00\",\"dateModified\":\"2026-07-10T08:11:43+00:00\",\"description\":\"In order to fully accomplish its missions and conduct its activities, the Fondation Dominique et Tom Alberici has appointed a Board of Directors that contributes extensive experience and skills developed working with disabled people, healthcare providers and companies.\",\"breadcrumb\":{\"@id\":\"https:\/\/fondation-alberici.org\/en\/board-directors\/#breadcrumb\"},\"inLanguage\":\"en-US\",\"potentialAction\":[{\"@type\":\"ReadAction\",\"target\":[\"https:\/\/fondation-alberici.org\/en\/board-directors\/\"]}]},{\"@type\":\"BreadcrumbList\",\"@id\":\"https:\/\/fondation-alberici.org\/en\/board-directors\/#breadcrumb\",\"itemListElement\":[{\"@type\":\"ListItem\",\"position\":1,\"name\":\"Accueil\",\"item\":\"https:\/\/fondation-alberici.org\/en\/\"},{\"@type\":\"ListItem\",\"position\":2,\"name\":\"The board of directors\"}]},{\"@type\":\"WebSite\",\"@id\":\"https:\/\/fondation-alberici.org\/#website\",\"url\":\"https:\/\/fondation-alberici.org\/\",\"name\":\"Fondation Dominique &amp; Tom Alberici - OCTALFA\",\"description\":\"Am\u00e9liorer la qualit\u00e9 de vie des personnes handicap\u00e9es et des malades souffrant de cancers. \",\"potentialAction\":[{\"@type\":\"SearchAction\",\"target\":{\"@type\":\"EntryPoint\",\"urlTemplate\":\"https:\/\/fondation-alberici.org\/?s={search_term_string}\"},\"query-input\":\"required name=search_term_string\"}],\"inLanguage\":\"en-US\"}]}<\/script>\n<!-- \/ Yoast SEO plugin. -->","yoast_head_json":{"title":"The board of directors | Fondation Dominique & Tom Alberici","description":"In order to fully accomplish its missions and conduct its activities, the Fondation Dominique et Tom Alberici has appointed a Board of Directors that contributes extensive experience and skills developed working with disabled people, healthcare providers and companies.","robots":{"index":"index","follow":"follow","max-snippet":"max-snippet:-1","max-image-preview":"max-image-preview:large","max-video-preview":"max-video-preview:-1"},"canonical":"https:\/\/fondation-alberici.org\/en\/board-directors\/","og_locale":"en_US","og_type":"article","og_title":"The board of directors | Fondation Dominique & Tom Alberici","og_description":"In order to fully accomplish its missions and conduct its activities, the Fondation Dominique et Tom Alberici has appointed a Board of Directors that contributes extensive experience and skills developed working with disabled people, healthcare providers and companies.","og_url":"https:\/\/fondation-alberici.org\/en\/board-directors\/","og_site_name":"Fondation Dominique &amp; Tom Alberici - OCTALFA","article_modified_time":"2026-07-10T08:11:43+00:00","twitter_card":"summary_large_image","twitter_misc":{"Est. reading time":"4 minutes"},"schema":{"@context":"https:\/\/schema.org","@graph":[{"@type":"WebPage","@id":"https:\/\/fondation-alberici.org\/en\/board-directors\/","url":"https:\/\/fondation-alberici.org\/en\/board-directors\/","name":"The board of directors | Fondation Dominique & Tom Alberici","isPartOf":{"@id":"https:\/\/fondation-alberici.org\/#website"},"datePublished":"2019-03-04T13:30:09+00:00","dateModified":"2026-07-10T08:11:43+00:00","description":"In order to fully accomplish its missions and conduct its activities, the Fondation Dominique et Tom Alberici has appointed a Board of Directors that contributes extensive experience and skills developed working with disabled people, healthcare providers and companies.","breadcrumb":{"@id":"https:\/\/fondation-alberici.org\/en\/board-directors\/#breadcrumb"},"inLanguage":"en-US","potentialAction":[{"@type":"ReadAction","target":["https:\/\/fondation-alberici.org\/en\/board-directors\/"]}]},{"@type":"BreadcrumbList","@id":"https:\/\/fondation-alberici.org\/en\/board-directors\/#breadcrumb","itemListElement":[{"@type":"ListItem","position":1,"name":"Accueil","item":"https:\/\/fondation-alberici.org\/en\/"},{"@type":"ListItem","position":2,"name":"The board of directors"}]},{"@type":"WebSite","@id":"https:\/\/fondation-alberici.org\/#website","url":"https:\/\/fondation-alberici.org\/","name":"Fondation Dominique &amp; Tom Alberici - OCTALFA","description":"Am\u00e9liorer la qualit\u00e9 de vie des personnes handicap\u00e9es et des malades souffrant de cancers. ","potentialAction":[{"@type":"SearchAction","target":{"@type":"EntryPoint","urlTemplate":"https:\/\/fondation-alberici.org\/?s={search_term_string}"},"query-input":"required name=search_term_string"}],"inLanguage":"en-US"}]}},"_links":{"self":[{"href":"https:\/\/fondation-alberici.org\/en\/wp-json\/wp\/v2\/pages\/1364"}],"collection":[{"href":"https:\/\/fondation-alberici.org\/en\/wp-json\/wp\/v2\/pages"}],"about":[{"href":"https:\/\/fondation-alberici.org\/en\/wp-json\/wp\/v2\/types\/page"}],"author":[{"embeddable":true,"href":"https:\/\/fondation-alberici.org\/en\/wp-json\/wp\/v2\/users\/1"}],"replies":[{"embeddable":true,"href":"https:\/\/fondation-alberici.org\/en\/wp-json\/wp\/v2\/comments?post=1364"}],"version-history":[{"count":37,"href":"https:\/\/fondation-alberici.org\/en\/wp-json\/wp\/v2\/pages\/1364\/revisions"}],"predecessor-version":[{"id":4741,"href":"https:\/\/fondation-alberici.org\/en\/wp-json\/wp\/v2\/pages\/1364\/revisions\/4741"}],"wp:attachment":[{"href":"https:\/\/fondation-alberici.org\/en\/wp-json\/wp\/v2\/media?parent=1364"}],"curies":[{"name":"wp","href":"https:\/\/api.w.org\/{rel}","templated":true}]}}